{"id":780,"date":"2018-08-23T12:56:09","date_gmt":"2018-08-23T10:56:09","guid":{"rendered":"https:\/\/www.gerschmann.net\/?page_id=780"},"modified":"2023-02-21T21:05:33","modified_gmt":"2023-02-21T20:05:33","slug":"ausstellungen","status":"publish","type":"page","link":"https:\/\/gerschmann.net\/en\/ausstellungen\/","title":{"rendered":"Selected exhibitions"},"content":{"rendered":"<p><strong>Selected exibitions<\/strong><\/p>\n<div id='gallery-1' class='gallery galleryid-780 gallery-columns-4 gallery-size-thumbnail'><figure class='gallery-item'>\n\t\t\t<div class='gallery-icon landscape'>\n\t\t\t\t<a href='https:\/\/gerschmann.net\/wp-content\/uploads\/2023\/02\/Ausstellung-9-22_4.jpg' rel=\"lightbox[gallery-0]\"><img loading=\"lazy\" decoding=\"async\" width=\"150\" height=\"150\" src=\"https:\/\/gerschmann.net\/wp-content\/uploads\/2023\/02\/Ausstellung-9-22_4-150x150.jpg\" class=\"attachment-thumbnail size-thumbnail\" alt=\"\" aria-describedby=\"gallery-1-3646\" srcset=\"https:\/\/gerschmann.net\/wp-content\/uploads\/2023\/02\/Ausstellung-9-22_4-150x150.jpg 150w, https:\/\/gerschmann.net\/wp-content\/uploads\/2023\/02\/Ausstellung-9-22_4-100x100.jpg 100w, https:\/\/gerschmann.net\/wp-content\/uploads\/2023\/02\/Ausstellung-9-22_4-250x250.jpg 250w\" sizes=\"auto, 100vw\" title=\"\"><\/a>\n\t\t\t<\/div>\n\t\t\t\t<figcaption class='wp-caption-text gallery-caption' id='gallery-1-3646'>\n\t\t\t\t2022, H\u00f6chstadt\n\t\t\t\t<\/figcaption><\/figure><figure class='gallery-item'>\n\t\t\t<div class='gallery-icon landscape'>\n\t\t\t\t<a href='https:\/\/gerschmann.net\/wp-content\/uploads\/2023\/02\/Ausstellung-9-22_8.jpg' rel=\"lightbox[gallery-0]\"><img loading=\"lazy\" decoding=\"async\" width=\"150\" height=\"150\" src=\"https:\/\/gerschmann.net\/wp-content\/uploads\/2023\/02\/Ausstellung-9-22_8-150x150.jpg\" class=\"attachment-thumbnail size-thumbnail\" alt=\"\" aria-describedby=\"gallery-1-3648\" srcset=\"https:\/\/gerschmann.net\/wp-content\/uploads\/2023\/02\/Ausstellung-9-22_8-150x150.jpg 150w, https:\/\/gerschmann.net\/wp-content\/uploads\/2023\/02\/Ausstellung-9-22_8-100x100.jpg 100w, https:\/\/gerschmann.net\/wp-content\/uploads\/2023\/02\/Ausstellung-9-22_8-250x250.jpg 250w\" sizes=\"auto, 100vw\" title=\"\"><\/a>\n\t\t\t<\/div>\n\t\t\t\t<figcaption class='wp-caption-text gallery-caption' id='gallery-1-3648'>\n\t\t\t\t2022, H\u00f6chstadt\n\t\t\t\t<\/figcaption><\/figure><figure class='gallery-item'>\n\t\t\t<div class='gallery-icon landscape'>\n\t\t\t\t<a href='https:\/\/gerschmann.net\/wp-content\/uploads\/2023\/02\/Ausstellung-9-22_7.jpg' rel=\"lightbox[gallery-0]\"><img loading=\"lazy\" decoding=\"async\" width=\"150\" height=\"150\" src=\"https:\/\/gerschmann.net\/wp-content\/uploads\/2023\/02\/Ausstellung-9-22_7-150x150.jpg\" class=\"attachment-thumbnail size-thumbnail\" alt=\"\" aria-describedby=\"gallery-1-3647\" srcset=\"https:\/\/gerschmann.net\/wp-content\/uploads\/2023\/02\/Ausstellung-9-22_7-150x150.jpg 150w, https:\/\/gerschmann.net\/wp-content\/uploads\/2023\/02\/Ausstellung-9-22_7-100x100.jpg 100w, https:\/\/gerschmann.net\/wp-content\/uploads\/2023\/02\/Ausstellung-9-22_7-250x250.jpg 250w\" sizes=\"auto, 100vw\" title=\"\"><\/a>\n\t\t\t<\/div>\n\t\t\t\t<figcaption class='wp-caption-text gallery-caption' id='gallery-1-3647'>\n\t\t\t\t2022, H\u00f6chstadt\n\t\t\t\t<\/figcaption><\/figure><figure class='gallery-item'>\n\t\t\t<div class='gallery-icon portrait'>\n\t\t\t\t<a href='https:\/\/gerschmann.net\/wp-content\/uploads\/2022\/03\/DSC_0144-Christof-2.jpg' rel=\"lightbox[gallery-0]\"><img loading=\"lazy\" decoding=\"async\" width=\"150\" height=\"150\" src=\"https:\/\/gerschmann.net\/wp-content\/uploads\/2022\/03\/DSC_0144-Christof-2-150x150.jpg\" class=\"attachment-thumbnail size-thumbnail\" alt=\"\" aria-describedby=\"gallery-1-3434\" srcset=\"https:\/\/gerschmann.net\/wp-content\/uploads\/2022\/03\/DSC_0144-Christof-2-150x150.jpg 150w, https:\/\/gerschmann.net\/wp-content\/uploads\/2022\/03\/DSC_0144-Christof-2-100x100.jpg 100w, https:\/\/gerschmann.net\/wp-content\/uploads\/2022\/03\/DSC_0144-Christof-2-250x250.jpg 250w\" sizes=\"auto, 100vw\" title=\"\"><\/a>\n\t\t\t<\/div>\n\t\t\t\t<figcaption class='wp-caption-text gallery-caption' id='gallery-1-3434'>\n\t\t\t\t2021, Synagoge M\u00fchlhausen\n\t\t\t\t<\/figcaption><\/figure><figure class='gallery-item'>\n\t\t\t<div class='gallery-icon landscape'>\n\t\t\t\t<a href='https:\/\/gerschmann.net\/wp-content\/uploads\/2022\/03\/2021-11-Ausstellung-Gerschmann-16.jpg' rel=\"lightbox[gallery-0]\"><img loading=\"lazy\" decoding=\"async\" width=\"150\" height=\"150\" src=\"https:\/\/gerschmann.net\/wp-content\/uploads\/2022\/03\/2021-11-Ausstellung-Gerschmann-16-150x150.jpg\" class=\"attachment-thumbnail size-thumbnail\" alt=\"\" aria-describedby=\"gallery-1-3433\" srcset=\"https:\/\/gerschmann.net\/wp-content\/uploads\/2022\/03\/2021-11-Ausstellung-Gerschmann-16-150x150.jpg 150w, https:\/\/gerschmann.net\/wp-content\/uploads\/2022\/03\/2021-11-Ausstellung-Gerschmann-16-100x100.jpg 100w, https:\/\/gerschmann.net\/wp-content\/uploads\/2022\/03\/2021-11-Ausstellung-Gerschmann-16-250x250.jpg 250w\" sizes=\"auto, 100vw\" title=\"\"><\/a>\n\t\t\t<\/div>\n\t\t\t\t<figcaption class='wp-caption-text gallery-caption' id='gallery-1-3433'>\n\t\t\t\t2021, Erlangen\n\t\t\t\t<\/figcaption><\/figure><figure class='gallery-item'>\n\t\t\t<div class='gallery-icon landscape'>\n\t\t\t\t<a href='https:\/\/gerschmann.net\/wp-content\/uploads\/2022\/03\/2021-11-Ausstellung-Gerschmann-7.jpg' rel=\"lightbox[gallery-0]\"><img loading=\"lazy\" decoding=\"async\" width=\"150\" height=\"150\" src=\"https:\/\/gerschmann.net\/wp-content\/uploads\/2022\/03\/2021-11-Ausstellung-Gerschmann-7-150x150.jpg\" class=\"attachment-thumbnail size-thumbnail\" alt=\"\" aria-describedby=\"gallery-1-3427\" srcset=\"https:\/\/gerschmann.net\/wp-content\/uploads\/2022\/03\/2021-11-Ausstellung-Gerschmann-7-150x150.jpg 150w, https:\/\/gerschmann.net\/wp-content\/uploads\/2022\/03\/2021-11-Ausstellung-Gerschmann-7-100x100.jpg 100w, https:\/\/gerschmann.net\/wp-content\/uploads\/2022\/03\/2021-11-Ausstellung-Gerschmann-7-250x250.jpg 250w\" sizes=\"auto, 100vw\" title=\"\"><\/a>\n\t\t\t<\/div>\n\t\t\t\t<figcaption class='wp-caption-text gallery-caption' id='gallery-1-3427'>\n\t\t\t\t2021, Erlangen\n\t\t\t\t<\/figcaption><\/figure><figure class='gallery-item'>\n\t\t\t<div class='gallery-icon landscape'>\n\t\t\t\t<a href='https:\/\/gerschmann.net\/wp-content\/uploads\/2021\/11\/Ausstellung-Gerschmann-19.11-17.12.2021-kl.jpg' rel=\"lightbox[gallery-0]\"><img loading=\"lazy\" decoding=\"async\" width=\"150\" height=\"150\" src=\"https:\/\/gerschmann.net\/wp-content\/uploads\/2021\/11\/Ausstellung-Gerschmann-19.11-17.12.2021-kl-150x150.jpg\" class=\"attachment-thumbnail size-thumbnail\" alt=\"\" srcset=\"https:\/\/gerschmann.net\/wp-content\/uploads\/2021\/11\/Ausstellung-Gerschmann-19.11-17.12.2021-kl-150x150.jpg 150w, https:\/\/gerschmann.net\/wp-content\/uploads\/2021\/11\/Ausstellung-Gerschmann-19.11-17.12.2021-kl-100x100.jpg 100w, https:\/\/gerschmann.net\/wp-content\/uploads\/2021\/11\/Ausstellung-Gerschmann-19.11-17.12.2021-kl-250x250.jpg 250w\" sizes=\"auto, 100vw\" title=\"\"><\/a>\n\t\t\t<\/div><\/figure><figure class='gallery-item'>\n\t\t\t<div class='gallery-icon portrait'>\n\t\t\t\t<a href='https:\/\/gerschmann.net\/wp-content\/uploads\/2020\/11\/A2-Plakat-Gerschmann-2018-Otto-Galerie.jpg' rel=\"lightbox[gallery-0]\"><img loading=\"lazy\" decoding=\"async\" width=\"150\" height=\"150\" src=\"https:\/\/gerschmann.net\/wp-content\/uploads\/2020\/11\/A2-Plakat-Gerschmann-2018-Otto-Galerie-150x150.jpg\" class=\"attachment-thumbnail size-thumbnail\" alt=\"\" aria-describedby=\"gallery-1-2611\" srcset=\"https:\/\/gerschmann.net\/wp-content\/uploads\/2020\/11\/A2-Plakat-Gerschmann-2018-Otto-Galerie-150x150.jpg 150w, https:\/\/gerschmann.net\/wp-content\/uploads\/2020\/11\/A2-Plakat-Gerschmann-2018-Otto-Galerie-100x100.jpg 100w, https:\/\/gerschmann.net\/wp-content\/uploads\/2020\/11\/A2-Plakat-Gerschmann-2018-Otto-Galerie-250x250.jpg 250w\" sizes=\"auto, 100vw\" title=\"\"><\/a>\n\t\t\t<\/div>\n\t\t\t\t<figcaption class='wp-caption-text gallery-caption' id='gallery-1-2611'>\n\t\t\t\tPlakat (Poster) \n\t\t\t\t<\/figcaption><\/figure><figure class='gallery-item'>\n\t\t\t<div class='gallery-icon landscape'>\n\t\t\t\t<a href='https:\/\/gerschmann.net\/wp-content\/uploads\/2018\/08\/Otto-Galerie-Ausstellung-1.jpg' rel=\"lightbox[gallery-0]\"><img loading=\"lazy\" decoding=\"async\" width=\"150\" height=\"150\" src=\"https:\/\/gerschmann.net\/wp-content\/uploads\/2018\/08\/Otto-Galerie-Ausstellung-1-150x150.jpg\" class=\"attachment-thumbnail size-thumbnail\" alt=\"\" aria-describedby=\"gallery-1-1765\" srcset=\"https:\/\/gerschmann.net\/wp-content\/uploads\/2018\/08\/Otto-Galerie-Ausstellung-1-150x150.jpg 150w, https:\/\/gerschmann.net\/wp-content\/uploads\/2018\/08\/Otto-Galerie-Ausstellung-1-250x250.jpg 250w, https:\/\/gerschmann.net\/wp-content\/uploads\/2018\/08\/Otto-Galerie-Ausstellung-1-100x100.jpg 100w\" sizes=\"auto, 100vw\" title=\"\"><\/a>\n\t\t\t<\/div>\n\t\t\t\t<figcaption class='wp-caption-text gallery-caption' id='gallery-1-1765'>\n\t\t\t\t2018, M\u00fcnchen\n\t\t\t\t<\/figcaption><\/figure><figure class='gallery-item'>\n\t\t\t<div class='gallery-icon landscape'>\n\t\t\t\t<a href='https:\/\/gerschmann.net\/wp-content\/uploads\/2018\/08\/Otto-Galerie-Ausstellung-2.jpg' rel=\"lightbox[gallery-0]\"><img loading=\"lazy\" decoding=\"async\" width=\"150\" height=\"150\" src=\"https:\/\/gerschmann.net\/wp-content\/uploads\/2018\/08\/Otto-Galerie-Ausstellung-2-150x150.jpg\" class=\"attachment-thumbnail size-thumbnail\" alt=\"\" aria-describedby=\"gallery-1-1764\" srcset=\"https:\/\/gerschmann.net\/wp-content\/uploads\/2018\/08\/Otto-Galerie-Ausstellung-2-150x150.jpg 150w, https:\/\/gerschmann.net\/wp-content\/uploads\/2018\/08\/Otto-Galerie-Ausstellung-2-250x250.jpg 250w, https:\/\/gerschmann.net\/wp-content\/uploads\/2018\/08\/Otto-Galerie-Ausstellung-2-100x100.jpg 100w\" sizes=\"auto, 100vw\" title=\"\"><\/a>\n\t\t\t<\/div>\n\t\t\t\t<figcaption class='wp-caption-text gallery-caption' id='gallery-1-1764'>\n\t\t\t\t2018, M\u00fcnchen\n\t\t\t\t<\/figcaption><\/figure><figure class='gallery-item'>\n\t\t\t<div class='gallery-icon portrait'>\n\t\t\t\t<a href='https:\/\/gerschmann.net\/wp-content\/uploads\/2023\/02\/Irina-Gerschmann-25-03-2018-Muenchen-Otto-Galerie.jpg' rel=\"lightbox[gallery-0]\"><img loading=\"lazy\" decoding=\"async\" width=\"150\" height=\"150\" src=\"https:\/\/gerschmann.net\/wp-content\/uploads\/2023\/02\/Irina-Gerschmann-25-03-2018-Muenchen-Otto-Galerie-150x150.jpg\" class=\"attachment-thumbnail size-thumbnail\" alt=\"\" aria-describedby=\"gallery-1-3690\" srcset=\"https:\/\/gerschmann.net\/wp-content\/uploads\/2023\/02\/Irina-Gerschmann-25-03-2018-Muenchen-Otto-Galerie-150x150.jpg 150w, https:\/\/gerschmann.net\/wp-content\/uploads\/2023\/02\/Irina-Gerschmann-25-03-2018-Muenchen-Otto-Galerie-100x100.jpg 100w, https:\/\/gerschmann.net\/wp-content\/uploads\/2023\/02\/Irina-Gerschmann-25-03-2018-Muenchen-Otto-Galerie-250x250.jpg 250w\" sizes=\"auto, 100vw\" title=\"\"><\/a>\n\t\t\t<\/div>\n\t\t\t\t<figcaption class='wp-caption-text gallery-caption' id='gallery-1-3690'>\n\t\t\t\t2018, M\u00fcnchen\n\t\t\t\t<\/figcaption><\/figure><figure class='gallery-item'>\n\t\t\t<div class='gallery-icon landscape'>\n\t\t\t\t<a href='https:\/\/gerschmann.net\/wp-content\/uploads\/2018\/08\/Kerstin-Blum-Rede-kl.jpg' rel=\"lightbox[gallery-0]\"><img loading=\"lazy\" decoding=\"async\" width=\"150\" height=\"150\" src=\"https:\/\/gerschmann.net\/wp-content\/uploads\/2018\/08\/Kerstin-Blum-Rede-kl-150x150.jpg\" class=\"attachment-thumbnail size-thumbnail\" alt=\"\" aria-describedby=\"gallery-1-933\" srcset=\"https:\/\/gerschmann.net\/wp-content\/uploads\/2018\/08\/Kerstin-Blum-Rede-kl-150x150.jpg 150w, https:\/\/gerschmann.net\/wp-content\/uploads\/2018\/08\/Kerstin-Blum-Rede-kl-250x250.jpg 250w, https:\/\/gerschmann.net\/wp-content\/uploads\/2018\/08\/Kerstin-Blum-Rede-kl-100x100.jpg 100w\" sizes=\"auto, 100vw\" title=\"\"><\/a>\n\t\t\t<\/div>\n\t\t\t\t<figcaption class='wp-caption-text gallery-caption' id='gallery-1-933'>\n\t\t\t\t2017, Erlangen\n\t\t\t\t<\/figcaption><\/figure><figure class='gallery-item'>\n\t\t\t<div class='gallery-icon portrait'>\n\t\t\t\t<a href='https:\/\/gerschmann.net\/wp-content\/uploads\/2021\/11\/Plakat-A3-Ausstellung-3-2017.jpg' rel=\"lightbox[gallery-0]\"><img loading=\"lazy\" decoding=\"async\" width=\"150\" height=\"150\" src=\"https:\/\/gerschmann.net\/wp-content\/uploads\/2021\/11\/Plakat-A3-Ausstellung-3-2017-150x150.jpg\" class=\"attachment-thumbnail size-thumbnail\" alt=\"\" aria-describedby=\"gallery-1-2944\" srcset=\"https:\/\/gerschmann.net\/wp-content\/uploads\/2021\/11\/Plakat-A3-Ausstellung-3-2017-150x150.jpg 150w, https:\/\/gerschmann.net\/wp-content\/uploads\/2021\/11\/Plakat-A3-Ausstellung-3-2017-100x100.jpg 100w, https:\/\/gerschmann.net\/wp-content\/uploads\/2021\/11\/Plakat-A3-Ausstellung-3-2017-250x250.jpg 250w\" sizes=\"auto, 100vw\" title=\"\"><\/a>\n\t\t\t<\/div>\n\t\t\t\t<figcaption class='wp-caption-text gallery-caption' id='gallery-1-2944'>\n\t\t\t\t2017, Erlangen\n\t\t\t\t<\/figcaption><\/figure><figure class='gallery-item'>\n\t\t\t<div class='gallery-icon landscape'>\n\t\t\t\t<a href='https:\/\/gerschmann.net\/wp-content\/uploads\/2018\/08\/NN-2017-03-22.jpg' rel=\"lightbox[gallery-0]\"><img loading=\"lazy\" decoding=\"async\" width=\"150\" height=\"150\" src=\"https:\/\/gerschmann.net\/wp-content\/uploads\/2018\/08\/NN-2017-03-22-150x150.jpg\" class=\"attachment-thumbnail size-thumbnail\" alt=\"\" srcset=\"https:\/\/gerschmann.net\/wp-content\/uploads\/2018\/08\/NN-2017-03-22-150x150.jpg 150w, https:\/\/gerschmann.net\/wp-content\/uploads\/2018\/08\/NN-2017-03-22-250x250.jpg 250w, https:\/\/gerschmann.net\/wp-content\/uploads\/2018\/08\/NN-2017-03-22-100x100.jpg 100w\" sizes=\"auto, 100vw\" title=\"\"><\/a>\n\t\t\t<\/div><\/figure><figure class='gallery-item'>\n\t\t\t<div class='gallery-icon landscape'>\n\t\t\t\t<a href='https:\/\/gerschmann.net\/wp-content\/uploads\/2018\/08\/FT-2017-03-09.jpeg' rel=\"lightbox[gallery-0]\"><img loading=\"lazy\" decoding=\"async\" width=\"150\" height=\"150\" src=\"https:\/\/gerschmann.net\/wp-content\/uploads\/2018\/08\/FT-2017-03-09-150x150.jpeg\" class=\"attachment-thumbnail size-thumbnail\" alt=\"\" srcset=\"https:\/\/gerschmann.net\/wp-content\/uploads\/2018\/08\/FT-2017-03-09-150x150.jpeg 150w, https:\/\/gerschmann.net\/wp-content\/uploads\/2018\/08\/FT-2017-03-09-250x250.jpeg 250w, https:\/\/gerschmann.net\/wp-content\/uploads\/2018\/08\/FT-2017-03-09-100x100.jpeg 100w\" sizes=\"auto, 100vw\" title=\"\"><\/a>\n\t\t\t<\/div><\/figure><figure class='gallery-item'>\n\t\t\t<div class='gallery-icon landscape'>\n\t\t\t\t<a href='https:\/\/gerschmann.net\/wp-content\/uploads\/2023\/02\/Irina-Gerschmann-Ewiger-Zug-Haus-der-Kunst-2009.jpg' rel=\"lightbox[gallery-0]\"><img loading=\"lazy\" decoding=\"async\" width=\"150\" height=\"150\" src=\"https:\/\/gerschmann.net\/wp-content\/uploads\/2023\/02\/Irina-Gerschmann-Ewiger-Zug-Haus-der-Kunst-2009-150x150.jpg\" class=\"attachment-thumbnail size-thumbnail\" alt=\"\" aria-describedby=\"gallery-1-3739\" srcset=\"https:\/\/gerschmann.net\/wp-content\/uploads\/2023\/02\/Irina-Gerschmann-Ewiger-Zug-Haus-der-Kunst-2009-150x150.jpg 150w, https:\/\/gerschmann.net\/wp-content\/uploads\/2023\/02\/Irina-Gerschmann-Ewiger-Zug-Haus-der-Kunst-2009-100x100.jpg 100w, https:\/\/gerschmann.net\/wp-content\/uploads\/2023\/02\/Irina-Gerschmann-Ewiger-Zug-Haus-der-Kunst-2009-250x250.jpg 250w\" sizes=\"auto, 100vw\" title=\"\"><\/a>\n\t\t\t<\/div>\n\t\t\t\t<figcaption class='wp-caption-text gallery-caption' id='gallery-1-3739'>\n\t\t\t\t2009, Haus der Kunst, M\u00fcnchen\n\t\t\t\t<\/figcaption><\/figure><figure class='gallery-item'>\n\t\t\t<div class='gallery-icon landscape'>\n\t\t\t\t<a href='https:\/\/gerschmann.net\/wp-content\/uploads\/2018\/08\/irina_haus_d-Kunst-1.jpg' rel=\"lightbox[gallery-0]\"><img loading=\"lazy\" decoding=\"async\" width=\"150\" height=\"150\" src=\"https:\/\/gerschmann.net\/wp-content\/uploads\/2018\/08\/irina_haus_d-Kunst-1-150x150.jpg\" class=\"attachment-thumbnail size-thumbnail\" alt=\"\" aria-describedby=\"gallery-1-1130\" srcset=\"https:\/\/gerschmann.net\/wp-content\/uploads\/2018\/08\/irina_haus_d-Kunst-1-150x150.jpg 150w, https:\/\/gerschmann.net\/wp-content\/uploads\/2018\/08\/irina_haus_d-Kunst-1-250x250.jpg 250w, https:\/\/gerschmann.net\/wp-content\/uploads\/2018\/08\/irina_haus_d-Kunst-1-100x100.jpg 100w\" sizes=\"auto, 100vw\" title=\"\"><\/a>\n\t\t\t<\/div>\n\t\t\t\t<figcaption class='wp-caption-text gallery-caption' id='gallery-1-1130'>\n\t\t\t\t2009, Haus der Kunst, M\u00fcnchen\n\t\t\t\t<\/figcaption><\/figure><figure class='gallery-item'>\n\t\t\t<div class='gallery-icon landscape'>\n\t\t\t\t<a href='https:\/\/gerschmann.net\/wp-content\/uploads\/2023\/02\/Haus-der-Kunst-2009.jpg' rel=\"lightbox[gallery-0]\"><img loading=\"lazy\" decoding=\"async\" width=\"150\" height=\"150\" src=\"https:\/\/gerschmann.net\/wp-content\/uploads\/2023\/02\/Haus-der-Kunst-2009-150x150.jpg\" class=\"attachment-thumbnail size-thumbnail\" alt=\"\" aria-describedby=\"gallery-1-3692\" srcset=\"https:\/\/gerschmann.net\/wp-content\/uploads\/2023\/02\/Haus-der-Kunst-2009-150x150.jpg 150w, https:\/\/gerschmann.net\/wp-content\/uploads\/2023\/02\/Haus-der-Kunst-2009-100x100.jpg 100w, https:\/\/gerschmann.net\/wp-content\/uploads\/2023\/02\/Haus-der-Kunst-2009-250x250.jpg 250w\" sizes=\"auto, 100vw\" title=\"\"><\/a>\n\t\t\t<\/div>\n\t\t\t\t<figcaption class='wp-caption-text gallery-caption' id='gallery-1-3692'>\n\t\t\t\t2009, Haus der Kunst, M\u00fcnchen\n\t\t\t\t<\/figcaption><\/figure><figure class='gallery-item'>\n\t\t\t<div class='gallery-icon landscape'>\n\t\t\t\t<a href='https:\/\/gerschmann.net\/wp-content\/uploads\/2023\/02\/Kronach_1kl.jpg' rel=\"lightbox[gallery-0]\"><img loading=\"lazy\" decoding=\"async\" width=\"150\" height=\"150\" src=\"https:\/\/gerschmann.net\/wp-content\/uploads\/2023\/02\/Kronach_1kl-150x150.jpg\" class=\"attachment-thumbnail size-thumbnail\" alt=\"\" aria-describedby=\"gallery-1-3687\" srcset=\"https:\/\/gerschmann.net\/wp-content\/uploads\/2023\/02\/Kronach_1kl-150x150.jpg 150w, https:\/\/gerschmann.net\/wp-content\/uploads\/2023\/02\/Kronach_1kl-100x100.jpg 100w, https:\/\/gerschmann.net\/wp-content\/uploads\/2023\/02\/Kronach_1kl-250x250.jpg 250w\" sizes=\"auto, 100vw\" title=\"\"><\/a>\n\t\t\t<\/div>\n\t\t\t\t<figcaption class='wp-caption-text gallery-caption' id='gallery-1-3687'>\n\t\t\t\t2008, Kronach\n\t\t\t\t<\/figcaption><\/figure><figure class='gallery-item'>\n\t\t\t<div class='gallery-icon landscape'>\n\t\t\t\t<a href='https:\/\/gerschmann.net\/wp-content\/uploads\/2023\/02\/kronach_6.jpg' rel=\"lightbox[gallery-0]\"><img loading=\"lazy\" decoding=\"async\" width=\"150\" height=\"150\" src=\"https:\/\/gerschmann.net\/wp-content\/uploads\/2023\/02\/kronach_6-150x150.jpg\" class=\"attachment-thumbnail size-thumbnail\" alt=\"\" aria-describedby=\"gallery-1-3688\" srcset=\"https:\/\/gerschmann.net\/wp-content\/uploads\/2023\/02\/kronach_6-150x150.jpg 150w, https:\/\/gerschmann.net\/wp-content\/uploads\/2023\/02\/kronach_6-100x100.jpg 100w, https:\/\/gerschmann.net\/wp-content\/uploads\/2023\/02\/kronach_6-250x250.jpg 250w\" sizes=\"auto, 100vw\" title=\"\"><\/a>\n\t\t\t<\/div>\n\t\t\t\t<figcaption class='wp-caption-text gallery-caption' id='gallery-1-3688'>\n\t\t\t\t2008, Kronach\n\t\t\t\t<\/figcaption><\/figure><figure class='gallery-item'>\n\t\t\t<div class='gallery-icon landscape'>\n\t\t\t\t<a href='https:\/\/gerschmann.net\/wp-content\/uploads\/2023\/02\/Ausstellung-079.jpg' rel=\"lightbox[gallery-0]\"><img loading=\"lazy\" decoding=\"async\" width=\"150\" height=\"150\" src=\"https:\/\/gerschmann.net\/wp-content\/uploads\/2023\/02\/Ausstellung-079-150x150.jpg\" class=\"attachment-thumbnail size-thumbnail\" alt=\"\" aria-describedby=\"gallery-1-3686\" srcset=\"https:\/\/gerschmann.net\/wp-content\/uploads\/2023\/02\/Ausstellung-079-150x150.jpg 150w, https:\/\/gerschmann.net\/wp-content\/uploads\/2023\/02\/Ausstellung-079-100x100.jpg 100w, https:\/\/gerschmann.net\/wp-content\/uploads\/2023\/02\/Ausstellung-079-250x250.jpg 250w\" sizes=\"auto, 100vw\" title=\"\"><\/a>\n\t\t\t<\/div>\n\t\t\t\t<figcaption class='wp-caption-text gallery-caption' id='gallery-1-3686'>\n\t\t\t\t2005, M\u00fcnchen\n\t\t\t\t<\/figcaption><\/figure><figure class='gallery-item'>\n\t\t\t<div class='gallery-icon landscape'>\n\t\t\t\t<a href='https:\/\/gerschmann.net\/wp-content\/uploads\/2023\/02\/Ausstellung-026.jpg' rel=\"lightbox[gallery-0]\"><img loading=\"lazy\" decoding=\"async\" width=\"150\" height=\"150\" src=\"https:\/\/gerschmann.net\/wp-content\/uploads\/2023\/02\/Ausstellung-026-150x150.jpg\" class=\"attachment-thumbnail size-thumbnail\" alt=\"\" aria-describedby=\"gallery-1-3685\" srcset=\"https:\/\/gerschmann.net\/wp-content\/uploads\/2023\/02\/Ausstellung-026-150x150.jpg 150w, https:\/\/gerschmann.net\/wp-content\/uploads\/2023\/02\/Ausstellung-026-100x100.jpg 100w, https:\/\/gerschmann.net\/wp-content\/uploads\/2023\/02\/Ausstellung-026-250x250.jpg 250w\" sizes=\"auto, 100vw\" title=\"\"><\/a>\n\t\t\t<\/div>\n\t\t\t\t<figcaption class='wp-caption-text gallery-caption' id='gallery-1-3685'>\n\t\t\t\t2005, M\u00fcnchen\n\t\t\t\t<\/figcaption><\/figure><figure class='gallery-item'>\n\t\t\t<div class='gallery-icon landscape'>\n\t\t\t\t<a href='https:\/\/gerschmann.net\/wp-content\/uploads\/2023\/02\/Ausstellung-013.jpg' rel=\"lightbox[gallery-0]\"><img loading=\"lazy\" decoding=\"async\" width=\"150\" height=\"150\" src=\"https:\/\/gerschmann.net\/wp-content\/uploads\/2023\/02\/Ausstellung-013-150x150.jpg\" class=\"attachment-thumbnail size-thumbnail\" alt=\"\" aria-describedby=\"gallery-1-3684\" srcset=\"https:\/\/gerschmann.net\/wp-content\/uploads\/2023\/02\/Ausstellung-013-150x150.jpg 150w, https:\/\/gerschmann.net\/wp-content\/uploads\/2023\/02\/Ausstellung-013-100x100.jpg 100w, https:\/\/gerschmann.net\/wp-content\/uploads\/2023\/02\/Ausstellung-013-250x250.jpg 250w\" sizes=\"auto, 100vw\" title=\"\"><\/a>\n\t\t\t<\/div>\n\t\t\t\t<figcaption class='wp-caption-text gallery-caption' id='gallery-1-3684'>\n\t\t\t\t2005, M\u00fcnchen \n\t\t\t\t<\/figcaption><\/figure><figure class='gallery-item'>\n\t\t\t<div class='gallery-icon portrait'>\n\t\t\t\t<a href='https:\/\/gerschmann.net\/wp-content\/uploads\/2023\/02\/1994-irina.jpg' rel=\"lightbox[gallery-0]\"><img loading=\"lazy\" decoding=\"async\" width=\"150\" height=\"150\" src=\"https:\/\/gerschmann.net\/wp-content\/uploads\/2023\/02\/1994-irina-150x150.jpg\" class=\"attachment-thumbnail size-thumbnail\" alt=\"\" aria-describedby=\"gallery-1-3691\" srcset=\"https:\/\/gerschmann.net\/wp-content\/uploads\/2023\/02\/1994-irina-150x150.jpg 150w, https:\/\/gerschmann.net\/wp-content\/uploads\/2023\/02\/1994-irina-100x100.jpg 100w, https:\/\/gerschmann.net\/wp-content\/uploads\/2023\/02\/1994-irina-250x250.jpg 250w\" sizes=\"auto, 100vw\" title=\"\"><\/a>\n\t\t\t<\/div>\n\t\t\t\t<figcaption class='wp-caption-text gallery-caption' id='gallery-1-3691'>\n\t\t\t\t1994, D\u00fcsseldorf\n\t\t\t\t<\/figcaption><\/figure>\n\t\t<\/div>\n\n<p>\n<strong>Selected solo exhibitions, sales and orders<\/strong><\/p>\n<ul style=\"list-style-type: circle;\">\n<li>1994-1997 Galerie Matton, Haus Balliere, Bochum, Protestant Academy Bochum<\/li>\n<li>2005-2014 Galerie Art-21 Munich, Bamberg, Basement Haus Pommersfelden<\/li>\n<li>2008 Kronacher Synagogue, Kronach; Org. By Action Circle Kronacher<br \/>\nSynagogue e.v. Regional art Promotion Kronach e.v.<\/li>\n<li>2006-2017 Shopping City H\u00f6chstadt, permanent exhibitions H\u00f6chstadt,<br \/>\n&#8220;Open Studio&#8221; Art school H\u00f6chstadt<\/li>\n<li><span style=\"font-size: 1rem;\">March 2017 exhibition &#8220;Paths of Jewish History&#8221;, Town hall Erlangen, org<\/span><span style=\"font-size: 1rem;\">anization and support: City of Erlangen, cultural promotion of th<\/span><span style=\"font-size: 1rem;\">e city of Erlangen, Catholic adult education in the city of Erl<\/span><span style=\"font-size: 1rem;\">angen e.v., Jewish community of Erlangen K.d.\u00f6.R.,\u00a0Circle <\/span><span style=\"font-size: 1rem;\">of Friends of the JKG Erlangen, Sparkasse Erlangen<\/span><\/li>\n<li><span style=\"font-size: 1rem;\">March 2018 Otto-Galerie Munich<\/span><\/li>\n<\/ul>\n<p><span style=\"font-size: 1rem;\">Collections: Germany, Israel, Russia, USA<\/span><\/p>\n<p>&nbsp;<\/p>\n<p><strong>Group Art Exhibitions<\/strong><\/p>\n<ul style=\"list-style-type: circle;\">\n<li>1990-1993 painting-Exhibitions in Moscow and St. Petersburg<\/li>\n<li><span style=\"font-size: 1rem;\">2000-2015 Dialog \u2013 New Munich Art Forum e.v.,<\/span><span style=\"font-size: 1rem;\"> annual exhibitions Tegernsee, Munich<\/span>\u00a0<\/li>\n<li><span style=\"font-size: 1rem;\">2009 Large Art exhibition in the House of Art Munic<\/span><span style=\"font-size: 1rem;\">h &#8220;What drives us&#8221;<\/span><\/li>\n<\/ul>\n<p>&nbsp;<\/p>\n<p><strong>Fashion Design, textile<\/strong><\/p>\n<ul style=\"list-style-type: circle;\">\n<li>1991 exhibition &#8220;Young Fashion Makers&#8221;, House of Theatre artists, Moscow, own collection<\/li>\n<li><span style=\"font-size: 1rem;\">1992 finalist of the International Fashion competition, organizer: Nina Ricci<\/span><\/li>\n<li><span style=\"font-size: 1rem;\">1995-1998 Presentations own collections CPD (fashion gallery) IGEDO, <\/span><span style=\"font-size: 1rem;\">D\u00fcsseldorf<\/span><\/li>\n<li><span style=\"font-size: 1rem;\">2000, 2003 finalist of the International Fashion Design Competition<\/span><span style=\"font-size: 1rem;\">s &#8220;elements&#8221;, &#8220;Grand Prix Fashion Design&#8221; in Berlin <\/span><span style=\"font-size: 1rem;\">(organizer: G\u00fcnter Drew&#8217;s textile works)<\/span>\u00a0<\/li>\n<\/ul>\n","protected":false},"excerpt":{"rendered":"<p>Selected exibitions Selected solo exhibitions, sales and orders 1994-1997 Galerie Matton, Haus Balliere, Bochum, Protestant Academy Bochum 2005-2014 Galerie Art-21 Munich, Bamberg, Basement Haus Pommersfelden 2008 Kronacher Synagogue, Kronach; Org. By Action Circle Kronacher Synagogue e.v. Regional art Promotion Kronach e.v. 2006-2017 Shopping City H\u00f6chstadt, permanent exhibitions H\u00f6chstadt, &#8220;Open Studio&#8221; Art school H\u00f6chstadt March 2017 &hellip; <\/p>\n<p class=\"link-more\"><a href=\"https:\/\/gerschmann.net\/en\/ausstellungen\/\" class=\"more-link\">Continue reading<span class=\"screen-reader-text\"> &#8220;Selected exhibitions&#8221;<\/span><\/a><\/p>\n","protected":false},"author":3,"featured_media":0,"parent":0,"menu_order":0,"comment_status":"closed","ping_status":"closed","template":"","meta":{"footnotes":""},"class_list":["post-780","page","type-page","status-publish","hentry"],"translation":{"provider":"WPGlobus","version":"3.0.2","language":"en","enabled_languages":["de","en"],"languages":{"de":{"title":true,"content":true,"excerpt":false},"en":{"title":true,"content":true,"excerpt":false}}},"_links":{"self":[{"href":"https:\/\/gerschmann.net\/en\/wp-json\/wp\/v2\/pages\/780","targetHints":{"allow":["GET"]}}],"collection":[{"href":"https:\/\/gerschmann.net\/en\/wp-json\/wp\/v2\/pages"}],"about":[{"href":"https:\/\/gerschmann.net\/en\/wp-json\/wp\/v2\/types\/page"}],"author":[{"embeddable":true,"href":"https:\/\/gerschmann.net\/en\/wp-json\/wp\/v2\/users\/3"}],"replies":[{"embeddable":true,"href":"https:\/\/gerschmann.net\/en\/wp-json\/wp\/v2\/comments?post=780"}],"version-history":[{"count":0,"href":"https:\/\/gerschmann.net\/en\/wp-json\/wp\/v2\/pages\/780\/revisions"}],"wp:attachment":[{"href":"https:\/\/gerschmann.net\/en\/wp-json\/wp\/v2\/media?parent=780"}],"curies":[{"name":"wp","href":"https:\/\/api.w.org\/{rel}","templated":true}]}}